{"id":2875,"date":"2025-08-22T01:29:38","date_gmt":"2025-08-21T23:29:38","guid":{"rendered":"https:\/\/sport-vereint.de\/hakkimizda\/"},"modified":"2026-02-12T18:16:43","modified_gmt":"2026-02-12T17:16:43","slug":"hakkimizda","status":"publish","type":"page","link":"https:\/\/sport-vereint.de\/tr\/hakkimizda\/","title":{"rendered":"Hakk\u0131m\u0131zda"},"content":{"rendered":"\t\t<div data-elementor-type=\"wp-page\" data-elementor-id=\"2875\" class=\"elementor elementor-2875 elementor-74\" data-elementor-post-type=\"page\">\n\t\t\t\t<div class=\"elementor-element elementor-element-1b787ef e-flex e-con-boxed e-con e-parent\" data-id=\"1b787ef\" data-element_type=\"container\" data-e-type=\"container\">\n\t\t\t\t\t<div class=\"e-con-inner\">\n\t\t<div class=\"elementor-element elementor-element-e67cde3 e-con-full e-flex e-con e-child\" data-id=\"e67cde3\" data-element_type=\"container\" data-e-type=\"container\">\n\t\t\t\t<div class=\"elementor-element elementor-element-4e1622a elementor-widget elementor-widget-heading\" data-id=\"4e1622a\" data-element_type=\"widget\" data-e-type=\"widget\" data-widget_type=\"heading.default\">\n\t\t\t\t\t<h2 class=\"elementor-heading-title elementor-size-default\">Hakk\u0131m\u0131zda<\/h2>\t\t\t\t<\/div>\n\t\t\t\t<div class=\"elementor-element elementor-element-0ece5d9 elementor-widget elementor-widget-heading\" data-id=\"0ece5d9\" data-element_type=\"widget\" data-e-type=\"widget\" data-widget_type=\"heading.default\">\n\t\t\t\t\t<h5 class=\"elementor-heading-title elementor-size-default\">Sporla Entegrasyon<br>Oberhavel A\u011f\u0131<\/h5>\t\t\t\t<\/div>\n\t\t\t\t<\/div>\n\t\t<div class=\"elementor-element elementor-element-b7e4201 e-con-full e-flex e-con e-child\" data-id=\"b7e4201\" data-element_type=\"container\" data-e-type=\"container\">\n\t\t\t\t<div class=\"elementor-element elementor-element-a24612c elementor-widget elementor-widget-image\" data-id=\"a24612c\" data-element_type=\"widget\" data-e-type=\"widget\" data-widget_type=\"image.default\">\n\t\t\t\t\t\t\t\t\t\t\t\t\t\t\t<img fetchpriority=\"high\" decoding=\"async\" width=\"1920\" height=\"1280\" src=\"https:\/\/sport-vereint.de\/wp-content\/uploads\/2025\/09\/sport-vereint-image-gb-01.webp\" class=\"attachment-full size-full wp-image-2889\" alt=\"\" srcset=\"https:\/\/sport-vereint.de\/wp-content\/uploads\/2025\/09\/sport-vereint-image-gb-01.webp 1920w, https:\/\/sport-vereint.de\/wp-content\/uploads\/2025\/09\/sport-vereint-image-gb-01-300x200.webp 300w, https:\/\/sport-vereint.de\/wp-content\/uploads\/2025\/09\/sport-vereint-image-gb-01-1024x683.webp 1024w, https:\/\/sport-vereint.de\/wp-content\/uploads\/2025\/09\/sport-vereint-image-gb-01-768x512.webp 768w, https:\/\/sport-vereint.de\/wp-content\/uploads\/2025\/09\/sport-vereint-image-gb-01-1536x1024.webp 1536w\" sizes=\"(max-width: 1920px) 100vw, 1920px\" \/>\t\t\t\t\t\t\t\t\t\t\t\t\t\t\t<\/div>\n\t\t\t\t<\/div>\n\t\t\t\t\t<\/div>\n\t\t\t\t<\/div>\n\t\t<div class=\"elementor-element elementor-element-c8527ab e-flex e-con-boxed e-con e-parent\" data-id=\"c8527ab\" data-element_type=\"container\" data-e-type=\"container\">\n\t\t\t\t\t<div class=\"e-con-inner\">\n\t\t\t\t<div class=\"elementor-element elementor-element-1c8300a5 elementor-widget elementor-widget-heading\" data-id=\"1c8300a5\" data-element_type=\"widget\" data-e-type=\"widget\" data-widget_type=\"heading.default\">\n\t\t\t\t\t<h2 class=\"elementor-heading-title elementor-size-default\">Misyonumuz<\/h2>\t\t\t\t<\/div>\n\t\t<div class=\"elementor-element elementor-element-ac740bb e-con-full e-flex e-con e-child\" data-id=\"ac740bb\" data-element_type=\"container\" data-e-type=\"container\">\n\t\t\t\t<div class=\"elementor-element elementor-element-2ce79e5 elementor-widget elementor-widget-text-editor\" data-id=\"2ce79e5\" data-element_type=\"widget\" data-e-type=\"widget\" data-widget_type=\"text-editor.default\">\n\t\t\t\t\t\t\t\t\t<p>Spor birle\u015ftirir; dil, k\u00f6ken ve nesiller aras\u0131nda k\u00f6pr\u00fc kurar.<br>Tam olarak bu, <b>\u201eOberhavel b\u00f6lgesinde spor yoluyla entegrasyon\u201c<\/b> projesinin \u00f6z\u00fcd\u00fcr. Bu proje, <b>1 Mart &#8211; 31 Aral\u0131k 2025<\/b> tarihleri aras\u0131nda <b>Oberhavel B\u00f6lgesi<\/b> G\u00f6\u00e7menlik Departman\u0131 taraf\u0131ndan desteklenmi\u015f ve <b>Familien-Sport-Verein-Oberhavel e.V.<\/b> taraf\u0131ndan uygulanm\u0131\u015ft\u0131r.<br><br><\/p><h3>Ortak hedefimiz:<\/h3><p><b>\u0130nsanlar\u0131 bir araya getirmek.<\/b><br>Hareket, oyun ve etkile\u015fim yoluyla g\u00f6\u00e7menlerin sosyal entegrasyonunu g\u00fc\u00e7lendirdik, fiziksel ve ruhsal sa\u011fl\u0131klar\u0131n\u0131 destekledik, dil engellerini kald\u0131rd\u0131k ve \u00f6nyarg\u0131lar\u0131n \u00fcstesinden geldik. Spor, de\u011fi\u015fim, g\u00fcven ve sayg\u0131l\u0131 bir birliktelik i\u00e7in bir kap\u0131 a\u00e7\u0131c\u0131 oldu. <\/p><p>Oberhavel b\u00f6lgesinin tamam\u0131nda <b>\u00e7ok k\u00fclt\u00fcrl\u00fc spor gruplar\u0131<\/b> olu\u015fturuldu. Bu teklif, <b>\u00fc\u00e7 b\u00fcy\u00fck a\u00e7\u0131k spor g\u00fcn\u00fc<\/b> ile tamamland\u0131 ve bu g\u00fcnlere <b>350&#8217;den fazla ki\u015fi<\/b> aktif olarak kat\u0131ld\u0131; farkl\u0131 ya\u015fam alanlar\u0131ndan aileler, \u00e7ocuklar, gen\u00e7ler ve yeti\u015fkinler. Bizim i\u00e7in \u00f6zellikle \u00f6nemli olan \u015fuydu: <b>Ba\u015ftan itibaren kat\u0131l\u0131m.<\/b> Aileler ve a\u011f ortaklar\u0131, Aile Spor G\u00fcnleri&#8217;nin planlanmas\u0131 ve uygulanmas\u0131na bilin\u00e7li olarak dahil edildi.  <\/p><p>Bir di\u011fer odak noktas\u0131, <b>spor yoluyla dil \u00f6\u011frenimini te\u015fvik etmek<\/b> ve s\u00fcrd\u00fcr\u00fclebilir yap\u0131lar olu\u015fturmakt\u0131. E\u011fitimlerde, a\u011f toplant\u0131lar\u0131nda ve pratik formatlarda <b>antren\u00f6r programlar\u0131 ve ko\u00e7 tandemleri<\/b> geli\u015ftirildi. Toplamda, <b>sekiz e\u011fitmen<\/b> m\u00fcltecilerle \u00e7al\u0131\u015fmak \u00fczere <b>C s\u0131n\u0131f\u0131 genel spor antren\u00f6r\u00fc<\/b> olarak nitelendirildi.  <\/p><p>Projenin ger\u00e7ek kalbi, <b>g\u00f6\u00e7menlerin \u00e7o\u011falt\u0131c\u0131lar, uygulay\u0131c\u0131lar ve e\u011fitmenler olarak aktif kat\u0131l\u0131m\u0131yd\u0131<\/b>. Bu, kul\u00fcp sporlar\u0131na eri\u015fimi \u00f6nemli \u00f6l\u00e7\u00fcde kolayla\u015ft\u0131rd\u0131 ve spor kul\u00fcplerinin daha \u00e7e\u015fitli, a\u00e7\u0131k ve gelece\u011fe y\u00f6nelik b\u00fcy\u00fcmesini sa\u011flad\u0131. <\/p><p><b>sport-vereint.de<\/b> ile ayr\u0131ca b\u00f6lgedeki spor olanaklar\u0131n\u0131 <b>a\u00e7\u0131k, hedefli ve \u00f6zellikle \u00e7ok dilli<\/b> hale getirmek i\u00e7in bir temel olu\u015fturduk. Platform, kul\u00fcplerin yeni hedef kitlelere ula\u015fmas\u0131n\u0131 destekliyor ve insanlar\u0131 kendi b\u00f6lgelerinde uygun egzersiz olanaklar\u0131n\u0131 ke\u015ffetmeye davet ediyor. <\/p><p>\ud83d\udc49 <b>sport-vereint.de&#8217;yi kul\u00fcb\u00fcn\u00fcz\u00fcn sayfas\u0131na entegre etmek veya a\u011f\u0131n bir par\u00e7as\u0131 olmak m\u0131 istiyorsunuz?<\/b><br>O zaman bizimle ileti\u015fime ge\u00e7mekten \u00e7ekinmeyin; fikir al\u0131\u015fveri\u015fi i\u00e7in sab\u0131rs\u0131zlan\u0131yoruz!<\/p><p>Spor dolu selamlarla<br><b>Aileniz Familien-Sport-Verein-Oberhavel e.V.<\/b><\/p>\t\t\t\t\t\t\t\t<\/div>\n\t\t\t\t<div class=\"elementor-element elementor-element-f419b1d elementor-blockquote--skin-border elementor-widget elementor-widget-blockquote\" data-id=\"f419b1d\" data-element_type=\"widget\" data-e-type=\"widget\" data-widget_type=\"blockquote.default\">\n\t\t\t\t\t\t\t<blockquote class=\"elementor-blockquote\">\n\t\t\t<p class=\"elementor-blockquote__content\">\n\t\t\t\tBu projeyi birlikte geli\u015ftirme f\u0131rsat\u0131, deste\u011fi ve g\u00fcveni i\u00e7in Oberhavel il\u00e7esine ve i\u015f birli\u011fimizin devam etmesi konusundaki olumlu yakla\u015f\u0131mlar\u0131na i\u00e7tenlikle te\u015fekk\u00fcr ederiz.\t\t\t<\/p>\n\t\t\t\t\t<\/blockquote>\n\t\t\t\t\t\t<\/div>\n\t\t\t\t<\/div>\n\t\t\t\t\t<\/div>\n\t\t\t\t<\/div>\n\t\t\t\t<\/div>\n\t\t","protected":false},"excerpt":{"rendered":"<p>Hakk\u0131m\u0131zda Sporla EntegrasyonOberhavel A\u011f\u0131 Misyonumuz Spor birle\u015ftirir; dil, k\u00f6ken ve nesiller aras\u0131nda k\u00f6pr\u00fc kurar.Tam olarak bu, \u201eOberhavel b\u00f6lgesinde spor yoluyla entegrasyon\u201c projesinin \u00f6z\u00fcd\u00fcr. Bu proje, 1 Mart &#8211; 31 Aral\u0131k 2025 tarihleri aras\u0131nda Oberhavel B\u00f6lgesi G\u00f6\u00e7menlik Departman\u0131 taraf\u0131ndan desteklenmi\u015f ve Familien-Sport-Verein-Oberhavel e.V. taraf\u0131ndan uygulanm\u0131\u015ft\u0131r. Ortak hedefimiz: \u0130nsanlar\u0131 bir araya getirmek.Hareket, oyun ve etkile\u015fim yoluyla g\u00f6\u00e7menlerin [&hellip;]<\/p>\n","protected":false},"author":2,"featured_media":0,"parent":0,"menu_order":5,"comment_status":"closed","ping_status":"closed","template":"elementor_header_footer","meta":{"footnotes":""},"class_list":["post-2875","page","type-page","status-publish","hentry"],"_links":{"self":[{"href":"https:\/\/sport-vereint.de\/tr\/wp-json\/wp\/v2\/pages\/2875","targetHints":{"allow":["GET"]}}],"collection":[{"href":"https:\/\/sport-vereint.de\/tr\/wp-json\/wp\/v2\/pages"}],"about":[{"href":"https:\/\/sport-vereint.de\/tr\/wp-json\/wp\/v2\/types\/page"}],"author":[{"embeddable":true,"href":"https:\/\/sport-vereint.de\/tr\/wp-json\/wp\/v2\/users\/2"}],"replies":[{"embeddable":true,"href":"https:\/\/sport-vereint.de\/tr\/wp-json\/wp\/v2\/comments?post=2875"}],"version-history":[{"count":6,"href":"https:\/\/sport-vereint.de\/tr\/wp-json\/wp\/v2\/pages\/2875\/revisions"}],"predecessor-version":[{"id":9709,"href":"https:\/\/sport-vereint.de\/tr\/wp-json\/wp\/v2\/pages\/2875\/revisions\/9709"}],"wp:attachment":[{"href":"https:\/\/sport-vereint.de\/tr\/wp-json\/wp\/v2\/media?parent=2875"}],"curies":[{"name":"wp","href":"https:\/\/api.w.org\/{rel}","templated":true}]}}